{"id":878,"date":"2020-01-22T08:22:05","date_gmt":"2020-01-22T07:22:05","guid":{"rendered":"https:\/\/www.foerderverein-gs-eltze.de\/?page_id=878"},"modified":"2020-01-22T08:22:05","modified_gmt":"2020-01-22T07:22:05","slug":"archiv","status":"publish","type":"page","link":"https:\/\/www.foerderverein-gs-eltze.de\/?page_id=878","title":{"rendered":"Archiv"},"content":{"rendered":"<ul class=\"wp-block-latest-posts__list has-dates wp-block-latest-posts\"><li><a class=\"wp-block-latest-posts__post-title\" href=\"https:\/\/www.foerderverein-gs-eltze.de\/?p=1080\">Punschaktion 2025<\/a><time datetime=\"2025-07-01T20:35:53+01:00\" class=\"wp-block-latest-posts__post-date\">1. Juli 2025<\/time><\/li>\n<li><a class=\"wp-block-latest-posts__post-title\" href=\"https:\/\/www.foerderverein-gs-eltze.de\/?p=1078\">Einschulung 16.08.2025<\/a><time datetime=\"2025-07-01T20:33:34+01:00\" class=\"wp-block-latest-posts__post-date\">1. Juli 2025<\/time><\/li>\n<li><a class=\"wp-block-latest-posts__post-title\" href=\"https:\/\/www.foerderverein-gs-eltze.de\/?p=1055\">Kinonachmittag 2025<\/a><time datetime=\"2025-03-25T19:23:32+01:00\" class=\"wp-block-latest-posts__post-date\">25. M\u00e4rz 2025<\/time><\/li>\n<li><a class=\"wp-block-latest-posts__post-title\" href=\"https:\/\/www.foerderverein-gs-eltze.de\/?p=1038\">Einladung zur JHV \/\/ 29.10.2024 um 18:30 Uhr<\/a><time datetime=\"2024-09-19T21:47:08+01:00\" class=\"wp-block-latest-posts__post-date\">19. September 2024<\/time><\/li>\n<li><a class=\"wp-block-latest-posts__post-title\" href=\"https:\/\/www.foerderverein-gs-eltze.de\/?p=1029\">Kinonachmittag<\/a><time datetime=\"2024-03-07T20:00:00+01:00\" class=\"wp-block-latest-posts__post-date\">7. M\u00e4rz 2024<\/time><\/li>\n<li><a class=\"wp-block-latest-posts__post-title\" href=\"https:\/\/www.foerderverein-gs-eltze.de\/?p=1031\">Punschaktion<\/a><time datetime=\"2023-12-22T12:30:00+01:00\" class=\"wp-block-latest-posts__post-date\">22. Dezember 2023<\/time><\/li>\n<li><a class=\"wp-block-latest-posts__post-title\" href=\"https:\/\/www.foerderverein-gs-eltze.de\/?p=1033\">Gesundes Fr\u00fchst\u00fcck<\/a><time datetime=\"2023-12-06T10:00:00+01:00\" class=\"wp-block-latest-posts__post-date\">6. Dezember 2023<\/time><\/li>\n<li><a class=\"wp-block-latest-posts__post-title\" href=\"https:\/\/www.foerderverein-gs-eltze.de\/?p=1006\">Kinonachmittag<\/a><time datetime=\"2023-01-26T20:27:00+01:00\" class=\"wp-block-latest-posts__post-date\">26. Januar 2023<\/time><\/li>\n<li><a class=\"wp-block-latest-posts__post-title\" href=\"https:\/\/www.foerderverein-gs-eltze.de\/?p=1004\">Punsch und Geschenke<\/a><time datetime=\"2022-12-22T20:20:00+01:00\" class=\"wp-block-latest-posts__post-date\">22. Dezember 2022<\/time><\/li>\n<li><a class=\"wp-block-latest-posts__post-title\" href=\"https:\/\/www.foerderverein-gs-eltze.de\/?p=997\">Fr\u00fchst\u00fcckssnack f\u00fcr einen guten Zweck<\/a><time datetime=\"2022-12-06T20:18:00+01:00\" class=\"wp-block-latest-posts__post-date\">6. Dezember 2022<\/time><\/li>\n<li><a class=\"wp-block-latest-posts__post-title\" href=\"https:\/\/www.foerderverein-gs-eltze.de\/?p=993\">Weihnachtsbaum im Innenhof<\/a><time datetime=\"2022-12-05T20:43:44+01:00\" class=\"wp-block-latest-posts__post-date\">5. Dezember 2022<\/time><\/li>\n<li><a class=\"wp-block-latest-posts__post-title\" href=\"https:\/\/www.foerderverein-gs-eltze.de\/?p=981\">Einschulung 2022<\/a><time datetime=\"2022-08-28T19:59:42+01:00\" class=\"wp-block-latest-posts__post-date\">28. August 2022<\/time><\/li>\n<li><a class=\"wp-block-latest-posts__post-title\" href=\"https:\/\/www.foerderverein-gs-eltze.de\/?p=951\">Weihnachtsaktion zum Jahresende 2021<\/a><time datetime=\"2021-12-27T20:11:00+01:00\" class=\"wp-block-latest-posts__post-date\">27. Dezember 2021<\/time><\/li>\n<li><a class=\"wp-block-latest-posts__post-title\" href=\"https:\/\/www.foerderverein-gs-eltze.de\/?p=936\">Einladung zur Jahreshauptversammlung 2021<\/a><time datetime=\"2021-06-21T16:22:47+01:00\" class=\"wp-block-latest-posts__post-date\">21. Juni 2021<\/time><\/li>\n<li><a class=\"wp-block-latest-posts__post-title\" href=\"https:\/\/www.foerderverein-gs-eltze.de\/?p=932\">Neue Satzung per 01.07.2021<\/a><time datetime=\"2021-06-21T16:21:10+01:00\" class=\"wp-block-latest-posts__post-date\">21. Juni 2021<\/time><\/li>\n<li><a class=\"wp-block-latest-posts__post-title\" href=\"https:\/\/www.foerderverein-gs-eltze.de\/?p=896\">Kinoabend am 24.01.2020<\/a><time datetime=\"2020-01-29T18:54:48+01:00\" class=\"wp-block-latest-posts__post-date\">29. Januar 2020<\/time><\/li>\n<li><a class=\"wp-block-latest-posts__post-title\" href=\"https:\/\/www.foerderverein-gs-eltze.de\/?p=885\">Anstehende Aktionen f\u00fcr das Schuljahr 2019\/2020<\/a><time datetime=\"2020-01-22T11:24:40+01:00\" class=\"wp-block-latest-posts__post-date\">22. Januar 2020<\/time><\/li>\n<li><a class=\"wp-block-latest-posts__post-title\" href=\"https:\/\/www.foerderverein-gs-eltze.de\/?p=846\">Einladung zur Jahreshauptversammlung<\/a><time datetime=\"2019-11-03T11:31:41+01:00\" class=\"wp-block-latest-posts__post-date\">3. November 2019<\/time><\/li>\n<li><a class=\"wp-block-latest-posts__post-title\" href=\"https:\/\/www.foerderverein-gs-eltze.de\/?p=746\">Ein neues Schuljahr hat begonnen<\/a><time datetime=\"2019-08-30T08:27:04+01:00\" class=\"wp-block-latest-posts__post-date\">30. August 2019<\/time><\/li>\n<li><a class=\"wp-block-latest-posts__post-title\" href=\"https:\/\/www.foerderverein-gs-eltze.de\/?p=742\">Friedensgottesdienst der Uetzer und Eltzer Grundschule<\/a><time datetime=\"2019-03-18T18:46:38+01:00\" class=\"wp-block-latest-posts__post-date\">18. M\u00e4rz 2019<\/time><\/li>\n<li><a class=\"wp-block-latest-posts__post-title\" href=\"https:\/\/www.foerderverein-gs-eltze.de\/?p=736\">Neue Datenschutzerkl\u00e4rung<\/a><time datetime=\"2018-08-20T11:04:33+01:00\" class=\"wp-block-latest-posts__post-date\">20. August 2018<\/time><\/li>\n<li><a class=\"wp-block-latest-posts__post-title\" href=\"https:\/\/www.foerderverein-gs-eltze.de\/?p=725\">Herzlich Willkommen, liebe neue 1.Klasse und Eltern!!!<\/a><time datetime=\"2018-08-14T08:13:49+01:00\" class=\"wp-block-latest-posts__post-date\">14. August 2018<\/time><\/li>\n<li><a class=\"wp-block-latest-posts__post-title\" href=\"https:\/\/www.foerderverein-gs-eltze.de\/?p=722\">Fahrt zum Liederfest: \u201eKlasse! Wir singen\u201c nach Braunschweig<\/a><time datetime=\"2018-06-19T14:18:52+01:00\" class=\"wp-block-latest-posts__post-date\">19. Juni 2018<\/time><\/li>\n<li><a class=\"wp-block-latest-posts__post-title\" href=\"https:\/\/www.foerderverein-gs-eltze.de\/?p=710\">Vitamine f\u00fcr flei\u00dfige SportlerInnen<\/a><time datetime=\"2018-06-07T09:11:29+01:00\" class=\"wp-block-latest-posts__post-date\">7. Juni 2018<\/time><\/li>\n<li><a class=\"wp-block-latest-posts__post-title\" href=\"https:\/\/www.foerderverein-gs-eltze.de\/?p=697\">Kinder wachsen \u00fcber sich hinaus bei Musicalauff\u00fchrung<\/a><time datetime=\"2018-06-07T08:54:28+01:00\" class=\"wp-block-latest-posts__post-date\">7. Juni 2018<\/time><\/li>\n<li><a class=\"wp-block-latest-posts__post-title\" href=\"https:\/\/www.foerderverein-gs-eltze.de\/?p=692\">Waldp\u00e4dagogiktag f\u00fcr die 1.Kl\u00e4ssler<\/a><time datetime=\"2018-04-27T10:21:26+01:00\" class=\"wp-block-latest-posts__post-date\">27. April 2018<\/time><\/li>\n<li><a class=\"wp-block-latest-posts__post-title\" href=\"https:\/\/www.foerderverein-gs-eltze.de\/?p=688\">Eine sch\u00f6ne Pause im Advent<\/a><time datetime=\"2017-12-22T19:38:36+01:00\" class=\"wp-block-latest-posts__post-date\">22. Dezember 2017<\/time><\/li>\n<li><a class=\"wp-block-latest-posts__post-title\" href=\"https:\/\/www.foerderverein-gs-eltze.de\/?p=673\">Termine-Termine-Termine<\/a><time datetime=\"2017-12-06T10:04:22+01:00\" class=\"wp-block-latest-posts__post-date\">6. Dezember 2017<\/time><\/li>\n<li><a class=\"wp-block-latest-posts__post-title\" href=\"https:\/\/www.foerderverein-gs-eltze.de\/?p=666\">Der n\u00e4chste Fr\u00fchling kommt bald!<\/a><time datetime=\"2017-11-26T20:09:58+01:00\" class=\"wp-block-latest-posts__post-date\">26. November 2017<\/time><\/li>\n<li><a class=\"wp-block-latest-posts__post-title\" href=\"https:\/\/www.foerderverein-gs-eltze.de\/?p=642\">Jahreshauptversammlung am 01.11.2016 &#8211; Satzungs\u00e4nderung<\/a><time datetime=\"2016-10-22T11:36:21+01:00\" class=\"wp-block-latest-posts__post-date\">22. Oktober 2016<\/time><\/li>\n<li><a class=\"wp-block-latest-posts__post-title\" href=\"https:\/\/www.foerderverein-gs-eltze.de\/?p=603\">Vorstand 2017<\/a><time datetime=\"2014-12-09T11:53:43+01:00\" class=\"wp-block-latest-posts__post-date\">9. Dezember 2014<\/time><\/li>\n<li><a class=\"wp-block-latest-posts__post-title\" href=\"https:\/\/www.foerderverein-gs-eltze.de\/?p=611\">Es gibt nichts Gutes, au\u00dfer man tut es.\u201c (Erich K\u00e4stner)<\/a><time datetime=\"2014-11-25T08:36:39+01:00\" class=\"wp-block-latest-posts__post-date\">25. November 2014<\/time><\/li>\n<li><a class=\"wp-block-latest-posts__post-title\" href=\"https:\/\/www.foerderverein-gs-eltze.de\/?p=608\">Jahreshauptversammlung  2014\/2015<\/a><time datetime=\"2014-11-15T08:35:25+01:00\" class=\"wp-block-latest-posts__post-date\">15. November 2014<\/time><\/li>\n<li><a class=\"wp-block-latest-posts__post-title\" href=\"https:\/\/www.foerderverein-gs-eltze.de\/?p=575\">WIR FREUEN UNS &#8211; UNSER NEUES LOGO IST FERTIG<\/a><time datetime=\"2013-05-24T10:38:22+01:00\" class=\"wp-block-latest-posts__post-date\">24. Mai 2013<\/time><\/li>\n<li><a class=\"wp-block-latest-posts__post-title\" href=\"https:\/\/www.foerderverein-gs-eltze.de\/?p=562\">Jahreshauptversammlung am 24.04.2013<\/a><time datetime=\"2013-04-01T12:34:28+01:00\" class=\"wp-block-latest-posts__post-date\">1. April 2013<\/time><\/li>\n<li><a class=\"wp-block-latest-posts__post-title\" href=\"https:\/\/www.foerderverein-gs-eltze.de\/?p=566\">Eltzer Schule bleibt bestehen<\/a><time datetime=\"2013-03-29T12:35:59+01:00\" class=\"wp-block-latest-posts__post-date\">29. M\u00e4rz 2013<\/time><\/li>\n<li><a class=\"wp-block-latest-posts__post-title\" href=\"https:\/\/www.foerderverein-gs-eltze.de\/?p=550\">Schlie\u00dfung der Eltzer Schule scheint vom Tisch<\/a><time datetime=\"2013-01-18T11:28:20+01:00\" class=\"wp-block-latest-posts__post-date\">18. Januar 2013<\/time><\/li>\n<li><a class=\"wp-block-latest-posts__post-title\" href=\"https:\/\/www.foerderverein-gs-eltze.de\/?p=584\">Vortrag \u201eImmer diese Hausaufgaben\u201c<\/a><time datetime=\"2013-01-07T16:01:10+01:00\" class=\"wp-block-latest-posts__post-date\">7. Januar 2013<\/time><\/li>\n<li><a class=\"wp-block-latest-posts__post-title\" href=\"https:\/\/www.foerderverein-gs-eltze.de\/?p=536\">Linksh\u00e4nder-Unterlagen<\/a><time datetime=\"2013-01-07T15:41:19+01:00\" class=\"wp-block-latest-posts__post-date\">7. Januar 2013<\/time><\/li>\n<li><a class=\"wp-block-latest-posts__post-title\" href=\"https:\/\/www.foerderverein-gs-eltze.de\/?p=517\">N\u00e4chste Termine &#8211; Schulstandort Eltze<\/a><time datetime=\"2012-12-20T10:59:08+01:00\" class=\"wp-block-latest-posts__post-date\">20. Dezember 2012<\/time><\/li>\n<li><a class=\"wp-block-latest-posts__post-title\" href=\"https:\/\/www.foerderverein-gs-eltze.de\/?p=493\">Brief an den B\u00fcrgermeister der Gemeinde Uetze<\/a><time datetime=\"2012-12-06T11:42:50+01:00\" class=\"wp-block-latest-posts__post-date\">6. Dezember 2012<\/time><\/li>\n<li><a class=\"wp-block-latest-posts__post-title\" href=\"https:\/\/www.foerderverein-gs-eltze.de\/?p=478\">Brief von uns an den B\u00fcrgermeister &#8211; Zukunft der Eltzer Grundschule<\/a><time datetime=\"2012-11-23T18:04:09+01:00\" class=\"wp-block-latest-posts__post-date\">23. November 2012<\/time><\/li>\n<li><a class=\"wp-block-latest-posts__post-title\" href=\"https:\/\/www.foerderverein-gs-eltze.de\/?p=447\">Schulentwicklungsplan und die Zukunft der Eltzer Schule<\/a><time datetime=\"2012-11-16T12:12:09+01:00\" class=\"wp-block-latest-posts__post-date\">16. November 2012<\/time><\/li>\n<li><a class=\"wp-block-latest-posts__post-title\" href=\"https:\/\/www.foerderverein-gs-eltze.de\/?p=439\">Geisterwelt in der Grundschule<\/a><time datetime=\"2012-07-21T08:25:36+01:00\" class=\"wp-block-latest-posts__post-date\">21. Juli 2012<\/time><\/li>\n<li><a class=\"wp-block-latest-posts__post-title\" href=\"https:\/\/www.foerderverein-gs-eltze.de\/?p=434\">Der Drache Koks ist der Held<\/a><time datetime=\"2012-07-10T13:37:20+01:00\" class=\"wp-block-latest-posts__post-date\">10. Juli 2012<\/time><\/li>\n<li><a class=\"wp-block-latest-posts__post-title\" href=\"https:\/\/www.foerderverein-gs-eltze.de\/?p=420\">Theaterauff\u00fchrung &#8220;Ritter Rost und das Gespenst&#8221;<\/a><time datetime=\"2012-06-18T14:13:00+01:00\" class=\"wp-block-latest-posts__post-date\">18. Juni 2012<\/time><\/li>\n<li><a class=\"wp-block-latest-posts__post-title\" href=\"https:\/\/www.foerderverein-gs-eltze.de\/?p=387\">Neue Fu\u00dfballnetze f\u00fcr den Schulhof<\/a><time datetime=\"2012-06-09T13:51:57+01:00\" class=\"wp-block-latest-posts__post-date\">9. Juni 2012<\/time><\/li>\n<li><a class=\"wp-block-latest-posts__post-title\" href=\"https:\/\/www.foerderverein-gs-eltze.de\/?p=400\">Neuer 1. Vorsitzender<\/a><time datetime=\"2012-04-25T14:04:06+01:00\" class=\"wp-block-latest-posts__post-date\">25. April 2012<\/time><\/li>\n<li><a class=\"wp-block-latest-posts__post-title\" href=\"https:\/\/www.foerderverein-gs-eltze.de\/?p=384\">Jahreshauptversammlung am 24.04.2012<\/a><time datetime=\"2012-04-12T11:01:15+01:00\" class=\"wp-block-latest-posts__post-date\">12. April 2012<\/time><\/li>\n<li><a class=\"wp-block-latest-posts__post-title\" href=\"https:\/\/www.foerderverein-gs-eltze.de\/?p=378\">Rasende Reporter in der Grundschule Eltze<\/a><time datetime=\"2011-11-20T07:41:02+01:00\" class=\"wp-block-latest-posts__post-date\">20. November 2011<\/time><\/li>\n<li><a class=\"wp-block-latest-posts__post-title\" href=\"https:\/\/www.foerderverein-gs-eltze.de\/?p=373\">Auff\u00fchrung vom Musical \u201eDer kleine Tag\u201c<\/a><time datetime=\"2011-06-27T23:23:46+01:00\" class=\"wp-block-latest-posts__post-date\">27. Juni 2011<\/time><\/li>\n<li><a class=\"wp-block-latest-posts__post-title\" href=\"https:\/\/www.foerderverein-gs-eltze.de\/?p=353\">Die n\u00e4chste gro\u00dfe Theatherauff\u00fchrung<\/a><time datetime=\"2011-06-08T19:39:40+01:00\" class=\"wp-block-latest-posts__post-date\">8. Juni 2011<\/time><\/li>\n<li><a class=\"wp-block-latest-posts__post-title\" href=\"https:\/\/www.foerderverein-gs-eltze.de\/?p=350\">Altkleidersammlung f\u00fcr den F\u00f6rderverein<\/a><time datetime=\"2011-05-31T19:12:12+01:00\" class=\"wp-block-latest-posts__post-date\">31. Mai 2011<\/time><\/li>\n<li><a class=\"wp-block-latest-posts__post-title\" href=\"https:\/\/www.foerderverein-gs-eltze.de\/?p=343\">Klasse wir singen&#8230; nur noch wenige Wochen<\/a><time datetime=\"2011-04-02T18:33:08+01:00\" class=\"wp-block-latest-posts__post-date\">2. April 2011<\/time><\/li>\n<li><a class=\"wp-block-latest-posts__post-title\" href=\"https:\/\/www.foerderverein-gs-eltze.de\/?p=335\">Das Weihnachtstheater 2010 war ein toller Erfolg!<\/a><time datetime=\"2010-12-20T13:08:08+01:00\" class=\"wp-block-latest-posts__post-date\">20. Dezember 2010<\/time><\/li>\n<li><a class=\"wp-block-latest-posts__post-title\" href=\"https:\/\/www.foerderverein-gs-eltze.de\/?p=322\">Neue Mikrofone f\u00fcr die Schule<\/a><time datetime=\"2010-12-13T22:50:53+01:00\" class=\"wp-block-latest-posts__post-date\">13. Dezember 2010<\/time><\/li>\n<li><a class=\"wp-block-latest-posts__post-title\" href=\"https:\/\/www.foerderverein-gs-eltze.de\/?p=313\">Irma hat so gro\u00dfe F\u00fc\u00dfe&#8230;.!  Das Weihnachtstheater 2010<\/a><time datetime=\"2010-12-10T14:50:57+01:00\" class=\"wp-block-latest-posts__post-date\">10. Dezember 2010<\/time><\/li>\n<li><a class=\"wp-block-latest-posts__post-title\" href=\"https:\/\/www.foerderverein-gs-eltze.de\/?p=305\">Verst\u00e4rkeranlage und Mischpult<\/a><time datetime=\"2010-11-16T21:07:58+01:00\" class=\"wp-block-latest-posts__post-date\">16. November 2010<\/time><\/li>\n<li><a class=\"wp-block-latest-posts__post-title\" href=\"https:\/\/www.foerderverein-gs-eltze.de\/?p=298\">Jahreshauptversammlung, Dienstag 9. November 2010<\/a><time datetime=\"2010-10-31T13:56:00+01:00\" class=\"wp-block-latest-posts__post-date\">31. Oktober 2010<\/time><\/li>\n<li><a class=\"wp-block-latest-posts__post-title\" href=\"https:\/\/www.foerderverein-gs-eltze.de\/?p=283\">Wir sammeln f\u00fcr die neue Musikanlage<\/a><time datetime=\"2010-10-04T17:38:21+01:00\" class=\"wp-block-latest-posts__post-date\">4. Oktober 2010<\/time><\/li>\n<li><a class=\"wp-block-latest-posts__post-title\" href=\"https:\/\/www.foerderverein-gs-eltze.de\/?p=270\">Wir unterst\u00fctzen Klasse! Wir Singen<\/a><time datetime=\"2010-09-30T17:23:56+01:00\" class=\"wp-block-latest-posts__post-date\">30. September 2010<\/time><\/li>\n<li><a class=\"wp-block-latest-posts__post-title\" href=\"https:\/\/www.foerderverein-gs-eltze.de\/?p=262\">Sitzkreis wird durchl\u00fcftet<\/a><time datetime=\"2010-06-02T20:51:13+01:00\" class=\"wp-block-latest-posts__post-date\">2. Juni 2010<\/time><\/li>\n<li><a class=\"wp-block-latest-posts__post-title\" href=\"https:\/\/www.foerderverein-gs-eltze.de\/?p=237\">Bauarbeiten auf dem Schulhof f\u00fcr die Kunstprojektwoche<\/a><time datetime=\"2010-04-11T18:11:16+01:00\" class=\"wp-block-latest-posts__post-date\">11. April 2010<\/time><\/li>\n<li><a class=\"wp-block-latest-posts__post-title\" href=\"https:\/\/www.foerderverein-gs-eltze.de\/?p=102\">Die Schuluhr ist frisch gestrichen<\/a><time datetime=\"2010-03-27T13:00:01+01:00\" class=\"wp-block-latest-posts__post-date\">27. M\u00e4rz 2010<\/time><\/li>\n<li><a class=\"wp-block-latest-posts__post-title\" href=\"https:\/\/www.foerderverein-gs-eltze.de\/?p=155\">Herr Bombelmann liest vor<\/a><time datetime=\"2010-03-09T22:26:28+01:00\" class=\"wp-block-latest-posts__post-date\">9. M\u00e4rz 2010<\/time><\/li>\n<li><a class=\"wp-block-latest-posts__post-title\" href=\"https:\/\/www.foerderverein-gs-eltze.de\/?p=88\">Website des F\u00f6rdervereins ist online<\/a><time datetime=\"2010-03-01T10:00:23+01:00\" class=\"wp-block-latest-posts__post-date\">1. M\u00e4rz 2010<\/time><\/li>\n<li><a class=\"wp-block-latest-posts__post-title\" href=\"https:\/\/www.foerderverein-gs-eltze.de\/?p=205\">Neuer Pedalo f\u00fcr die Schule gesponsort<\/a><time datetime=\"2010-01-12T08:42:27+01:00\" class=\"wp-block-latest-posts__post-date\">12. Januar 2010<\/time><\/li>\n<li><a class=\"wp-block-latest-posts__post-title\" href=\"https:\/\/www.foerderverein-gs-eltze.de\/?p=201\">B\u00fchne um einen professionellen Vorhang erweitert<\/a><time datetime=\"2009-12-23T08:30:26+01:00\" class=\"wp-block-latest-posts__post-date\">23. Dezember 2009<\/time><\/li>\n<li><a class=\"wp-block-latest-posts__post-title\" href=\"https:\/\/www.foerderverein-gs-eltze.de\/?p=227\">Opa aus Oberg  reparierte die 45 Jahre alte Eltzer Schuluhr<\/a><time datetime=\"2009-04-24T09:19:55+01:00\" class=\"wp-block-latest-posts__post-date\">24. April 2009<\/time><\/li>\n<li><a class=\"wp-block-latest-posts__post-title\" href=\"https:\/\/www.foerderverein-gs-eltze.de\/?p=55\">Die langersehnte B\u00fchne ist da!<\/a><time datetime=\"2008-07-02T22:00:45+01:00\" class=\"wp-block-latest-posts__post-date\">2. Juli 2008<\/time><\/li>\n<li><a class=\"wp-block-latest-posts__post-title\" href=\"https:\/\/www.foerderverein-gs-eltze.de\/?p=39\">F\u00f6rderkreis beteiligte sich zum Geburtstag am Mit-Mach-Zirkus!<\/a><time datetime=\"2008-07-02T18:29:12+01:00\" class=\"wp-block-latest-posts__post-date\">2. Juli 2008<\/time><\/li>\n<li><a class=\"wp-block-latest-posts__post-title\" href=\"https:\/\/www.foerderverein-gs-eltze.de\/?p=42\">Patenschaft: Grundschule Eltze &#8211; Grundschule Ichhapur (Indien)<\/a><time datetime=\"2008-05-06T18:31:39+01:00\" class=\"wp-block-latest-posts__post-date\">6. Mai 2008<\/time><\/li>\n<li><a class=\"wp-block-latest-posts__post-title\" href=\"https:\/\/www.foerderverein-gs-eltze.de\/?p=50\">Pflastersteine am Sitzkreis<\/a><time datetime=\"2008-05-02T23:50:54+01:00\" class=\"wp-block-latest-posts__post-date\">2. Mai 2008<\/time><\/li>\n<li><a class=\"wp-block-latest-posts__post-title\" href=\"https:\/\/www.foerderverein-gs-eltze.de\/?p=46\">Danke f\u00fcr Ihren Loskauf<\/a><time datetime=\"2008-03-01T23:00:10+01:00\" class=\"wp-block-latest-posts__post-date\">1. M\u00e4rz 2008<\/time><\/li>\n<li><a class=\"wp-block-latest-posts__post-title\" href=\"https:\/\/www.foerderverein-gs-eltze.de\/?p=36\">&quot;Weihnachtsfeier am Mittwoch, 19.12.2007 um 16 Uhr<\/a><time datetime=\"2007-12-01T18:26:31+01:00\" class=\"wp-block-latest-posts__post-date\">1. Dezember 2007<\/time><\/li>\n<li><a class=\"wp-block-latest-posts__post-title\" href=\"https:\/\/www.foerderverein-gs-eltze.de\/?p=30\">Kerstin Isensee hat schon den Weihnachtsbaum reserviert<\/a><time datetime=\"2007-11-01T18:22:08+01:00\" class=\"wp-block-latest-posts__post-date\">1. November 2007<\/time><\/li>\n<li><a class=\"wp-block-latest-posts__post-title\" href=\"https:\/\/www.foerderverein-gs-eltze.de\/?p=77\">Quelle-Shop spendet zwei St\u00e4nder f\u00fcr Lautsprecher Boxen<\/a><time datetime=\"2006-11-30T18:53:02+01:00\" class=\"wp-block-latest-posts__post-date\">30. November 2006<\/time><\/li>\n<li><a class=\"wp-block-latest-posts__post-title\" href=\"https:\/\/www.foerderverein-gs-eltze.de\/?p=79\">Richtmikrofone bestellt!<\/a><time datetime=\"2006-11-02T18:55:16+01:00\" class=\"wp-block-latest-posts__post-date\">2. November 2006<\/time><\/li>\n<li><a class=\"wp-block-latest-posts__post-title\" href=\"https:\/\/www.foerderverein-gs-eltze.de\/?p=66\">Beteiligung an Kosten f\u00fcr das neue Schulmobiliar<\/a><time datetime=\"2006-10-01T18:46:34+01:00\" class=\"wp-block-latest-posts__post-date\">1. Oktober 2006<\/time><\/li>\n<li><a class=\"wp-block-latest-posts__post-title\" href=\"https:\/\/www.foerderverein-gs-eltze.de\/?p=73\">Marion Wackers Jubil\u00e4um<\/a><time datetime=\"2006-09-09T20:00:34+01:00\" class=\"wp-block-latest-posts__post-date\">9. September 2006<\/time><\/li>\n<li><a class=\"wp-block-latest-posts__post-title\" href=\"https:\/\/www.foerderverein-gs-eltze.de\/?p=60\">Fluchtt\u00fcren und Fluchttreppen<\/a><time datetime=\"2006-08-30T18:42:52+01:00\" class=\"wp-block-latest-posts__post-date\">30. August 2006<\/time><\/li>\n<li><a class=\"wp-block-latest-posts__post-title\" href=\"https:\/\/www.foerderverein-gs-eltze.de\/?p=70\">Schulhofarena gereinigt<\/a><time datetime=\"2006-07-19T18:48:06+01:00\" class=\"wp-block-latest-posts__post-date\">19. Juli 2006<\/time><\/li>\n<\/ul>","protected":false},"excerpt":{"rendered":"","protected":false},"author":1,"featured_media":0,"parent":0,"menu_order":0,"comment_status":"closed","ping_status":"closed","template":"","meta":{"ngg_post_thumbnail":0,"footnotes":""},"class_list":["post-878","page","type-page","status-publish","hentry"],"_links":{"self":[{"href":"https:\/\/www.foerderverein-gs-eltze.de\/index.php?rest_route=\/wp\/v2\/pages\/878","targetHints":{"allow":["GET"]}}],"collection":[{"href":"https:\/\/www.foerderverein-gs-eltze.de\/index.php?rest_route=\/wp\/v2\/pages"}],"about":[{"href":"https:\/\/www.foerderverein-gs-eltze.de\/index.php?rest_route=\/wp\/v2\/types\/page"}],"author":[{"embeddable":true,"href":"https:\/\/www.foerderverein-gs-eltze.de\/index.php?rest_route=\/wp\/v2\/users\/1"}],"replies":[{"embeddable":true,"href":"https:\/\/www.foerderverein-gs-eltze.de\/index.php?rest_route=%2Fwp%2Fv2%2Fcomments&post=878"}],"version-history":[{"count":1,"href":"https:\/\/www.foerderverein-gs-eltze.de\/index.php?rest_route=\/wp\/v2\/pages\/878\/revisions"}],"predecessor-version":[{"id":879,"href":"https:\/\/www.foerderverein-gs-eltze.de\/index.php?rest_route=\/wp\/v2\/pages\/878\/revisions\/879"}],"wp:attachment":[{"href":"https:\/\/www.foerderverein-gs-eltze.de\/index.php?rest_route=%2Fwp%2Fv2%2Fmedia&parent=878"}],"curies":[{"name":"wp","href":"https:\/\/api.w.org\/{rel}","templated":true}]}}